{"id":567,"date":"2021-12-22T09:31:49","date_gmt":"2021-12-22T08:31:49","guid":{"rendered":"https:\/\/didierleprof.com\/?page_id=567"},"modified":"2021-12-26T10:37:33","modified_gmt":"2021-12-26T09:37:33","slug":"cycles-de-24-heures","status":"publish","type":"page","link":"https:\/\/didierleprof.com\/?page_id=567","title":{"rendered":"Cycles de 24 heures"},"content":{"rendered":"\n<div class=\"wp-block-buttons is-layout-flex wp-block-buttons-is-layout-flex\">\n<div class=\"wp-block-button\"><a class=\"wp-block-button__link has-vivid-red-background-color has-background\" href=\"https:\/\/didierleprof.com\/?page_id=228\" target=\"_blank\" rel=\"noreferrer noopener\">Aller au formulaire d&#8217;inscription<\/a><\/div>\n<\/div>\n\n\n\n<h2 class=\"has-white-color has-black-background-color has-text-color has-background wp-block-heading\">Chacun peut-il penser ce qu&#8217;il veut ?<\/h2>\n\n\n\n<p>Cette question peut nous sembler \u00e9trange puisqu&#8217;on nous demande de penser par nous-m\u00eame pour y r\u00e9pondre. Cela sous-entendrait donc que la libert\u00e9 de penser est un droit naturel, fondamental de l&#8217;\u00eatre humain. On ne peut pas enlever \u00e0 l&#8217;Homme sa libert\u00e9 de penser. D&#8217;ailleurs, une loi pourrait-elle m&#8217;interdire de penser&nbsp;? Le fait que la pens\u00e9e soit naturelle chez l&#8217;homme n&#8217;est-il donc pas la preuve que nous sommes libres de penser&nbsp;? Mais en m\u00eame temps, si la pens\u00e9e est une n\u00e9cessit\u00e9 naturelle c&#8217;est aussi la preuve que chacun ne peut pas ne pas penser. Du coup, nous n&#8217;avons pas la ma\u00eetrise totale de notre pens\u00e9e puisque nous pensons malgr\u00e9 nous. Il peut m\u00eame nous arriver de penser \u00e0 des choses auxquelles on pr\u00e9f\u00e9rerait ne pas penser. Si donc cette libert\u00e9 est un droit, est-elle un fait r\u00e9el&nbsp;? En effet, pour penser, ne faut-il pas apprendre \u00e0 penser&nbsp;? Mais alors, cet apprentissage (par le langage, l&#8217;\u00e9ducation, \u2026) n&#8217;influence-t-il pas nos pens\u00e9es&nbsp;? Toute pens\u00e9e n&#8217;est-elle pas alors d\u00e9pendante des conditions de son apprentissage&nbsp;? Comment savoir alors que nos pens\u00e9es sont bien les n\u00f4tres et pas celles que notre \u00e9ducation ou notre culture nous inculquent&nbsp;? Ne serions-nous pas alors dans l&#8217;illusion de la libert\u00e9 de penser&nbsp;? Pour d\u00e9passer ce probl\u00e8me, ne faut-il pas distinguer la pens\u00e9e ind\u00e9pendante de la pens\u00e9e autonome&nbsp;? Penser librement se r\u00e9duit-il \u00e0 penser ce que l&#8217;on veut, comme on veut, \u00e0 penser n&#8217;importe quoi&nbsp;? Ne faut-il pas distinguer penser par soi-m\u00eame et ne penser que pour soi-m\u00eame&nbsp;? Ainsi, une pens\u00e9e purement int\u00e9rieure a-t-elle un sens&nbsp;? Une pens\u00e9e n&#8217;existe-t-elle pas que lorsqu&#8217;on l&#8217;exprime&nbsp;? Ne faut-il pas soumettre sa pens\u00e9e \u00e0 l&#8217;\u00e9preuve des autres pens\u00e9es pour qu&#8217;elle ait une valeur&nbsp;? La libert\u00e9 de penser n&#8217;aurait donc de sens qu&#8217;\u00e0 travers la libert\u00e9 d&#8217;expression&nbsp;? Au final, ne devons-nous pas nous demander si la libert\u00e9 de penser ne doit pas se construire sur des r\u00e8gles qui nous permettent de d\u00e9passer nos pens\u00e9es individuelles pour atteindre une pens\u00e9e universelle, accessible \u00e0 tous&nbsp;? En effet, d\u00e9sirer penser ce qui nous satisfait individuellement est-ce la m\u00eame chose que trouver la volont\u00e9 de penser librement&nbsp;? La question de la libert\u00e9 de penser serait donc soumise \u00e0 la question de la valeur de nos pens\u00e9es et donc essentiellement li\u00e9e \u00e0 la question de la valeur de la v\u00e9rit\u00e9 qui en \u00e9merge.  <\/p>\n\n\n\n<hr class=\"wp-block-separator has-text-color has-background has-vivid-red-background-color has-vivid-red-color is-style-wide\"\/>\n\n\n\n<h2 class=\"has-white-color has-black-background-color has-text-color has-background wp-block-heading\">Conscience de soi et connaissance de soi<\/h2>\n\n\n\n<p>Il nous semble toujours que nous sommes les mieux plac\u00e9s pour nous conna\u00eetre nous-m\u00eame. En effet, je suis le seul \u00e0 passer chaque minute de ma vie avec moi-m\u00eame et \u00e0 avoir acc\u00e8s \u00e0 mon int\u00e9riorit\u00e9 et mes ressentis. Mais cette conscience de moi fait-elle une connaissance de moi ? Qui suis-je r\u00e9ellement ? Ne cherchons-nous pas en permanence \u00e0 confirmer ce que nous croyons de nous \u00e0 travers les autres ? Des parents ne sont-ils pas mieux plac\u00e9s pour conna\u00eetre leurs enfants ? L&#8217;imm\u00e9diatet\u00e9 n\u00e9cessaire et permanente avec moi-m\u00eame ne m&#8217;interdit-elle pas d&#8217;avoir de moi une connaissance l\u00e9gitime ? Puis-je \u00e0 la fois \u00eatre objet et sujet de la connaissance ? Combien de personnes nous d\u00e9sesp\u00e8rent, tellement elles ont une id\u00e9e d&#8217;elles-m\u00eames, loin de ce que les autres en ont ? Alors qu&#8217;est-ce que la conscience de soi ? En quoi serait-elle trompeuse ? Et pouvons-nous r\u00e9ellement nous conna\u00eetre nous-m\u00eames ? Se conna\u00eetre soi-m\u00eame n&#8217;est-ce pas d\u00e9j\u00e0 une fa\u00e7on de modifier ce que nous sommes ? Et si la particularit\u00e9 du sujet conscient de lui-m\u00eame \u00e9tait que sa singularit\u00e9 ne peut \u00eatre connue ? <\/p>\n\n\n\n<hr class=\"wp-block-separator has-text-color has-background has-vivid-red-background-color has-vivid-red-color is-style-wide\"\/>\n\n\n\n<h2 class=\"has-white-color has-black-background-color has-text-color has-background wp-block-heading\">Epicure, m\u00e9decin de l&#8217;\u00e2me ? (Lettre \u00e0 M\u00e9n\u00e9c\u00e9e)<\/h2>\n\n\n\n<p>Les auteurs dont le nom a \u00e9t\u00e9 popularis\u00e9 dans le langage commun sont rares. Epicure est de ceux-l\u00e0 et nous d\u00e9finissons aujourd&#8217;hui les \u00e9picuriens comme des personnes qui recherchent le plaisir. Mais Epicure \u00e9tait pourtant loin du philosophe des plaisirs. Au contraire, sa philosophie est celle de la ma\u00eetrise stricte des plaisirs. Mais alors pourquoi avoir d\u00e9natur\u00e9 sa philosophie ? Peut-\u00eatre parce que Epicure, en son temps, \u00e9tait l&#8217;un des rares mat\u00e9rialistes \u00e0 penser que tout n&#8217;est que mati\u00e8re et corps ? Peut-\u00eatre parce qu&#8217;il place alors le bonheur dans le corps et son apaisement ? M\u00e9decin de l&#8217;\u00e2me, il est alors \u00e0 la recherche de l&#8217;apaisement de la mati\u00e8re qui nous constitue. Et si tous nos maux venaient de nos illusions id\u00e9alistes ? En rupture avec son temps, Epicure est aujourd&#8217;hui un penseur du corps, de l&#8217;instant pr\u00e9sent, de la jouissance simple des plaisirs \u00e0 proximit\u00e9. Se questionnant sur les d\u00e9sirs, la croyance religieuse, la mort, l&#8217;amiti\u00e9, la prudence, dans sa Lettre \u00e0 M\u00e9n\u00e9c\u00e9e Epicure nous donne une le\u00e7on de retour \u00e0 la simplicit\u00e9 et \u00e0 l&#8217;attention accrue du pr\u00e9sent. Pourquoi esp\u00e9rer un ailleurs meilleur plus tard auquel il faudrait sacrifier un ici et maintenant ? <\/p>\n\n\n\n<hr class=\"wp-block-separator has-text-color has-background has-vivid-red-background-color has-vivid-red-color is-style-wide\"\/>\n\n\n\n<h2 class=\"has-white-color has-black-background-color has-text-color has-background wp-block-heading\">Rousseau penseur contemporain ? (Second Discours)<\/h2>\n\n\n\n<p>Le XXI\u00e8me si\u00e8cle a choisi de valoriser Voltaire parce que la facilit\u00e9 de sa pens\u00e9e permettait de justifier l&#8217;essor de l&#8217;industrialisation. Le XXI\u00e8me s&#8217;en est accommod\u00e9 car cette pens\u00e9e &#8220;lib\u00e9rale&#8221; a permis de justifier l&#8217;accroissement du march\u00e9 et d&#8217;ent\u00e9riner que seul l&#8217;argent lib\u00e8re et permet d&#8217;\u00eatre heureux. Rousseau et sa pens\u00e9e ont alors \u00e9t\u00e9 rel\u00e9gu\u00e9s au second plan et il a m\u00eame parfois \u00e9t\u00e9 accus\u00e9 personnellement pour ridiculiser sa philosophie. Pourtant Rousseau n&#8217;\u00e9tait-il pas d\u00e9j\u00e0 \u00e9cologiste, d\u00e9j\u00e0 communiste ? N&#8217;est-il pas le fondateur de la sociologie, de l&#8217;ethnologie, des sciences humaines ? N&#8217;est-il pas un visionnaire qui a d\u00e9duit des th\u00e9ories que ces sciences et la r\u00e9alit\u00e9 vont confirmer  deux si\u00e8cles plus tard ? Cette puissance intellectuelle, c&#8217;est peut-\u00eatre dans son Discours sur l&#8217;Origine et les Fondements de l&#8217;In\u00e9galit\u00e9 parmi les Hommes que Rousseau l&#8217;exprime la plus clairement. L&#8217;in\u00e9galit\u00e9 entre les Hommes est-elle naturelle ou cr\u00e9\u00e9e par les soci\u00e9t\u00e9s ? Et si c&#8217;est l&#8217;Homme lui-m\u00eame qui les cr\u00e9e, sont-elles l\u00e9gitimes et n\u00e9cessaires ? Si non, comment penser une soci\u00e9t\u00e9 qui soit r\u00e9ellement au service de l&#8217;humanit\u00e9 ? Car \u00e0 quoi bon vivre en soci\u00e9t\u00e9 si ce n&#8217;est pas pour devenir plus humain ? Ces questions ne sont-elles pas celles que chaque personne citoyenne devrait se poser avant m\u00eame de pouvoir revendiquer d&#8217;avoir des droits ?   <\/p>\n","protected":false},"excerpt":{"rendered":"<p>Chacun peut-il penser ce qu&#8217;il veut ? Cette question peut nous sembler \u00e9trange puisqu&#8217;on nous demande de penser par nous-m\u00eame pour y r\u00e9pondre. Cela sous-entendrait donc que la libert\u00e9 de [&hellip;]<\/p>\n","protected":false},"author":1,"featured_media":0,"parent":0,"menu_order":0,"comment_status":"closed","ping_status":"closed","template":"","meta":{"om_disable_all_campaigns":false,"_monsterinsights_skip_tracking":false,"_monsterinsights_sitenote_active":false,"_monsterinsights_sitenote_note":"","_monsterinsights_sitenote_category":0,"footnotes":""},"class_list":["post-567","page","type-page","status-publish","hentry"],"aioseo_notices":[],"jetpack_sharing_enabled":true,"jetpack_likes_enabled":true,"jetpack_shortlink":"https:\/\/wp.me\/PdsdKK-99","_links":{"self":[{"href":"https:\/\/didierleprof.com\/index.php?rest_route=\/wp\/v2\/pages\/567","targetHints":{"allow":["GET"]}}],"collection":[{"href":"https:\/\/didierleprof.com\/index.php?rest_route=\/wp\/v2\/pages"}],"about":[{"href":"https:\/\/didierleprof.com\/index.php?rest_route=\/wp\/v2\/types\/page"}],"author":[{"embeddable":true,"href":"https:\/\/didierleprof.com\/index.php?rest_route=\/wp\/v2\/users\/1"}],"replies":[{"embeddable":true,"href":"https:\/\/didierleprof.com\/index.php?rest_route=%2Fwp%2Fv2%2Fcomments&post=567"}],"version-history":[{"count":6,"href":"https:\/\/didierleprof.com\/index.php?rest_route=\/wp\/v2\/pages\/567\/revisions"}],"predecessor-version":[{"id":734,"href":"https:\/\/didierleprof.com\/index.php?rest_route=\/wp\/v2\/pages\/567\/revisions\/734"}],"wp:attachment":[{"href":"https:\/\/didierleprof.com\/index.php?rest_route=%2Fwp%2Fv2%2Fmedia&parent=567"}],"curies":[{"name":"wp","href":"https:\/\/api.w.org\/{rel}","templated":true}]}}