{"id":500,"date":"2021-11-30T13:15:42","date_gmt":"2021-11-30T12:15:42","guid":{"rendered":"https:\/\/didierleprof.com\/?page_id=500"},"modified":"2022-03-30T10:54:40","modified_gmt":"2022-03-30T08:54:40","slug":"la-question-de-la-semaine","status":"publish","type":"page","link":"https:\/\/didierleprof.com\/?page_id=500","title":{"rendered":"La question de la semaine"},"content":{"rendered":"\n<p>Chaque semaine, le<strong> lundi<\/strong>, retrouvez une <strong>question philosophique<\/strong> sur Instagram, Facebook ou encore Twitter et participez aux \u00e9changes.<\/p>\n\n\n\n<p>Le <strong>jeudi<\/strong>, une <strong>citation<\/strong> vient compl\u00e9ter la question, il faudra alors en retrouver l&#8217;auteur.<\/p>\n\n\n\n<p>Le mardi et le jeudi suivant une premi\u00e8re analyse et la semaine d&#8217;apr\u00e8s on recommence avec une autre question.<\/p>\n\n\n\n<p>Et une fois par mois un live pour r\u00e9pondre au questions. SI vous voulez \u00eatre inform\u00e9 des lives, suivez-nous sur les r\u00e9seaux ou abonnez-vous \u00e0 ce site.<\/p>\n\n\n\n<div class=\"wp-block-group\"><div class=\"wp-block-group__inner-container is-layout-flow wp-block-group-is-layout-flow\"><script>(function() {\n\twindow.mc4wp = window.mc4wp || {\n\t\tlisteners: [],\n\t\tforms: {\n\t\t\ton: function(evt, cb) {\n\t\t\t\twindow.mc4wp.listeners.push(\n\t\t\t\t\t{\n\t\t\t\t\t\tevent   : evt,\n\t\t\t\t\t\tcallback: cb\n\t\t\t\t\t}\n\t\t\t\t);\n\t\t\t}\n\t\t}\n\t}\n})();\n<\/script><!-- Mailchimp for WordPress v4.12.2 - https:\/\/wordpress.org\/plugins\/mailchimp-for-wp\/ --><form id=\"mc4wp-form-1\" class=\"mc4wp-form mc4wp-form-217\" method=\"post\" data-id=\"217\" data-name=\"Pour \u00eatre inform\u00e9 abonnez-vous \u00e0 notre newsletter\" ><div class=\"mc4wp-form-fields\"><p>\r\n    <label>Nom<\/label>\r\n    <input type=\"text\" name=\"FNAME\">\r\n<\/p>\r\n<p>\r\n    <label>Pr\u00e9nom<\/label>\r\n    <input type=\"text\" name=\"LNAME\">\r\n<\/p>\r\n<p>\r\n    <label>Email<\/label>\r\n    <input type=\"email\" name=\"EMAIL\" required=\"\">\r\n<p>\r\n    <input type=\"submit\" value=\"Abonnez-vous\"><\/div><label style=\"display: none !important;\">Leave this field empty if you&#8217;re human: <input type=\"text\" name=\"_mc4wp_honeypot\" value=\"\" tabindex=\"-1\" autocomplete=\"off\" \/><\/label><input type=\"hidden\" name=\"_mc4wp_timestamp\" value=\"1777382521\" \/><input type=\"hidden\" name=\"_mc4wp_form_id\" value=\"217\" \/><input type=\"hidden\" name=\"_mc4wp_form_element_id\" value=\"mc4wp-form-1\" \/><div class=\"mc4wp-response\"><\/div><\/form><!-- \/ Mailchimp for WordPress Plugin --><\/div><\/div>\n\n\n\n<div class=\"wp-block-group\"><div class=\"wp-block-group__inner-container is-layout-flow wp-block-group-is-layout-flow\">\n<div class=\"wp-block-query has-background is-layout-flow wp-block-query-is-layout-flow\" style=\"background:linear-gradient(135deg,rgb(238,238,238) 41%,rgb(234,61,61) 92%,rgb(169,184,195) 100%)\"><\/div>\n<\/div><\/div>\n\n\n\n<div class=\"wp-block-query has-cyan-bluish-gray-color has-text-color is-layout-flow wp-block-query-is-layout-flow\"><ul class=\"wp-block-post-template is-layout-flow wp-block-post-template-is-layout-flow\"><li class=\"wp-block-post post-827 post type-post status-publish format-standard hentry category-question-de-la-semaine tag-conscience tag-duree tag-entropie tag-liberte tag-temps tag-utilitarisme\">\n<h2 class=\"wp-block-post-title\"><a href=\"https:\/\/didierleprof.com\/?p=827\" target=\"_blank\" >Peut-on \u00e9chapper au temps ?<\/a><\/h2>\n\n\n<div class=\"wp-block-group alignwide\"><div class=\"wp-block-group__inner-container is-layout-flow wp-block-group-is-layout-flow\"><\/div><\/div>\n\n\n<div class=\"wp-block-post-excerpt has-text-color has-white-color has-background has-cyan-bluish-gray-background-color\"><p class=\"wp-block-post-excerpt__excerpt\">Lors du #LivePhilo du 06 mars 2022, #Didierleprof s\u2019est livr\u00e9 \u00e0 l\u2019analyse de la question de la semaine : Peut-on \u00e9chapper au temps ? <\/p><\/div>\n\n\n<hr class=\"wp-block-separator\"\/>\n\n\n<div class=\"wp-block-post-date\"><time datetime=\"2022-03-27T18:12:50+02:00\">27 March 2022<\/time><\/div>\n<\/li><li class=\"wp-block-post post-825 post type-post status-publish format-standard hentry category-question-de-la-semaine tag-livephilo tag-tout-dire tag-art tag-langage tag-liberte-dexpression tag-liberte-de-penser\">\n<h2 class=\"wp-block-post-title\"><a href=\"https:\/\/didierleprof.com\/?p=825\" target=\"_blank\" >Peut-on tout dire ?<\/a><\/h2>\n\n\n<div class=\"wp-block-group alignwide\"><div class=\"wp-block-group__inner-container is-layout-flow wp-block-group-is-layout-flow\"><\/div><\/div>\n\n\n<div class=\"wp-block-post-excerpt has-text-color has-white-color has-background has-cyan-bluish-gray-background-color\"><p class=\"wp-block-post-excerpt__excerpt\">Lors du #LivePhilo du 06 mars 2022, #Didierleprof s\u2019est livr\u00e9 \u00e0 l\u2019analyse de la question de la semaine : Peut-on tout dire ? <\/p><\/div>\n\n\n<hr class=\"wp-block-separator\"\/>\n\n\n<div class=\"wp-block-post-date\"><time datetime=\"2022-03-27T16:22:18+02:00\">27 March 2022<\/time><\/div>\n<\/li><li class=\"wp-block-post post-794 post type-post status-publish format-standard hentry category-question-de-la-semaine tag-didierleprof tag-livephilo-2 tag-nature tag-philosophie tag-respecter-la-nature\">\n<h2 class=\"wp-block-post-title\"><a href=\"https:\/\/didierleprof.com\/?p=794\" target=\"_blank\" >Faut-il respecter la nature ?<\/a><\/h2>\n\n\n<div class=\"wp-block-group alignwide\"><div class=\"wp-block-group__inner-container is-layout-flow wp-block-group-is-layout-flow\"><\/div><\/div>\n\n\n<div class=\"wp-block-post-excerpt has-text-color has-white-color has-background has-cyan-bluish-gray-background-color\"><p class=\"wp-block-post-excerpt__excerpt\">Vous avez rat\u00e9 le live ? Alors voil\u00e0 l&#8217;extrait sur la question de la semaine : Faut-il respecter la nature ? Pour ne plus rien rater, abonnez-vous au site ! <\/p><\/div>\n\n\n<hr class=\"wp-block-separator\"\/>\n\n\n<div class=\"wp-block-post-date\"><time datetime=\"2022-02-08T19:13:53+01:00\">8 February 2022<\/time><\/div>\n<\/li><li class=\"wp-block-post post-792 post type-post status-publish format-standard hentry category-question-de-la-semaine tag-didierleprof tag-livephilo-2 tag-philosophie tag-utilitarisme tag-valeur\">\n<h2 class=\"wp-block-post-title\"><a href=\"https:\/\/didierleprof.com\/?p=792\" target=\"_blank\" >Ce qui est inutile est-il pour autant sans valeur ?<\/a><\/h2>\n\n\n<div class=\"wp-block-group alignwide\"><div class=\"wp-block-group__inner-container is-layout-flow wp-block-group-is-layout-flow\"><\/div><\/div>\n\n\n<div class=\"wp-block-post-excerpt has-text-color has-white-color has-background has-cyan-bluish-gray-background-color\"><p class=\"wp-block-post-excerpt__excerpt\">Vous avez rat\u00e9 le live ? Alors voil\u00e0 l&#8217;extrait sur la question de la semaine : Ce qui est inutile est-il pour autant sans valeur ? Pour ne plus rien rater, abonnez-vous au site ! <\/p><\/div>\n\n\n<hr class=\"wp-block-separator\"\/>\n\n\n<div class=\"wp-block-post-date\"><time datetime=\"2022-02-08T19:01:17+01:00\">8 February 2022<\/time><\/div>\n<\/li><li class=\"wp-block-post post-751 post type-post status-publish format-standard hentry category-question-de-la-semaine tag-devoirs tag-didierleprof tag-droits tag-livephilo-2 tag-philosophie\">\n<h2 class=\"wp-block-post-title\"><a href=\"https:\/\/didierleprof.com\/?p=751\" target=\"_blank\" >En r\u00e9publique, les devoirs valent-ils avant les droits ?<\/a><\/h2>\n\n\n<div class=\"wp-block-group alignwide\"><div class=\"wp-block-group__inner-container is-layout-flow wp-block-group-is-layout-flow\"><\/div><\/div>\n\n\n<div class=\"wp-block-post-excerpt has-text-color has-white-color has-background has-cyan-bluish-gray-background-color\"><p class=\"wp-block-post-excerpt__excerpt\">Lors du #LivePhilo du 23 d\u00e9cembre 2021, #Didierleprof s\u2019est livr\u00e9 \u00e0 l\u2019analyse de la question de la semaine En r\u00e9publique, les devoirs valent-ils avant les droits ? Reprise du live [&hellip;] <\/p><\/div>\n\n\n<hr class=\"wp-block-separator\"\/>\n\n\n<div class=\"wp-block-post-date\"><time datetime=\"2022-01-13T10:53:03+01:00\">13 January 2022<\/time><\/div>\n<\/li><li class=\"wp-block-post post-746 post type-post status-publish format-standard hentry category-question-de-la-semaine tag-didierleprof tag-illusions tag-livephilo-2 tag-philosophie\">\n<h2 class=\"wp-block-post-title\"><a href=\"https:\/\/didierleprof.com\/?p=746\" target=\"_blank\" >Faut-il perdre ses illusions ?<\/a><\/h2>\n\n\n<div class=\"wp-block-group alignwide\"><div class=\"wp-block-group__inner-container is-layout-flow wp-block-group-is-layout-flow\"><\/div><\/div>\n\n\n<div class=\"wp-block-post-excerpt has-text-color has-white-color has-background has-cyan-bluish-gray-background-color\"><p class=\"wp-block-post-excerpt__excerpt\">Lors du #LivePhilo du 23 d\u00e9cembre 2021, #Didierleprof s\u2019est livr\u00e9 \u00e0 l\u2019analyse de la question de la semaine Faut-il perdre ses illusions ? Reprise du live du 09 janvier 2022 [&hellip;] <\/p><\/div>\n\n\n<hr class=\"wp-block-separator\"\/>\n\n\n<div class=\"wp-block-post-date\"><time datetime=\"2022-01-13T10:47:18+01:00\">13 January 2022<\/time><\/div>\n<\/li><li class=\"wp-block-post post-740 post type-post status-publish format-standard hentry category-question-de-la-semaine tag-avenir tag-avoir-raison tag-didierleprof tag-liberte-de-penser tag-livephilo-2\">\n<h2 class=\"wp-block-post-title\"><a href=\"https:\/\/didierleprof.com\/?p=740\" target=\"_blank\" >3 questions en 1 live<\/a><\/h2>\n\n\n<div class=\"wp-block-group alignwide\"><div class=\"wp-block-group__inner-container is-layout-flow wp-block-group-is-layout-flow\"><\/div><\/div>\n\n\n<div class=\"wp-block-post-excerpt has-text-color has-white-color has-background has-cyan-bluish-gray-background-color\"><p class=\"wp-block-post-excerpt__excerpt\">Lors du #LivePhilo du 23 d\u00e9cembre 2021, #Didierleprof s&#8217;est livr\u00e9 \u00e0 l&#8217;analyse des 3 questions de la semaine pr\u00e9c\u00e9dentes : <\/p><\/div>\n\n\n<hr class=\"wp-block-separator\"\/>\n\n\n<div class=\"wp-block-post-date\"><time datetime=\"2021-12-29T17:12:32+01:00\">29 December 2021<\/time><\/div>\n<\/li><li class=\"wp-block-post post-498 post type-post status-publish format-standard hentry category-question-de-la-semaine tag-humanite tag-oubli tag-pardon\">\n<h2 class=\"wp-block-post-title\"><a href=\"https:\/\/didierleprof.com\/?p=498\" target=\"_blank\" >Peut-on tout pardonner ?<\/a><\/h2>\n\n\n<div class=\"wp-block-group alignwide\"><div class=\"wp-block-group__inner-container is-layout-flow wp-block-group-is-layout-flow\"><\/div><\/div>\n\n\n<div class=\"wp-block-post-excerpt has-text-color has-white-color has-background has-cyan-bluish-gray-background-color\"><p class=\"wp-block-post-excerpt__excerpt\">Citation : &#8220;Sans le pardon, nous resterions prisonniers de nos actes et de leurs cons\u00e9quences&#8221; Hannah Arendt Condition de l&#8217;homme moderne (1961) <\/p><\/div>\n\n\n<hr class=\"wp-block-separator\"\/>\n\n\n<div class=\"wp-block-post-date\"><time datetime=\"2021-11-30T10:40:24+01:00\">30 November 2021<\/time><\/div>\n<\/li><\/ul><\/div>\n\n\n\n<p><\/p>\n","protected":false},"excerpt":{"rendered":"<p>Chaque semaine, le lundi, retrouvez une question philosophique sur Instagram, Facebook ou encore Twitter et participez aux \u00e9changes. Le jeudi, une citation vient compl\u00e9ter la question, il faudra alors en [&hellip;]<\/p>\n","protected":false},"author":1,"featured_media":0,"parent":0,"menu_order":0,"comment_status":"closed","ping_status":"closed","template":"","meta":{"om_disable_all_campaigns":false,"_monsterinsights_skip_tracking":false,"_monsterinsights_sitenote_active":false,"_monsterinsights_sitenote_note":"","_monsterinsights_sitenote_category":0,"footnotes":""},"class_list":["post-500","page","type-page","status-publish","hentry"],"aioseo_notices":[],"jetpack_sharing_enabled":true,"jetpack_likes_enabled":true,"jetpack_shortlink":"https:\/\/wp.me\/PdsdKK-84","_links":{"self":[{"href":"https:\/\/didierleprof.com\/index.php?rest_route=\/wp\/v2\/pages\/500","targetHints":{"allow":["GET"]}}],"collection":[{"href":"https:\/\/didierleprof.com\/index.php?rest_route=\/wp\/v2\/pages"}],"about":[{"href":"https:\/\/didierleprof.com\/index.php?rest_route=\/wp\/v2\/types\/page"}],"author":[{"embeddable":true,"href":"https:\/\/didierleprof.com\/index.php?rest_route=\/wp\/v2\/users\/1"}],"replies":[{"embeddable":true,"href":"https:\/\/didierleprof.com\/index.php?rest_route=%2Fwp%2Fv2%2Fcomments&post=500"}],"version-history":[{"count":12,"href":"https:\/\/didierleprof.com\/index.php?rest_route=\/wp\/v2\/pages\/500\/revisions"}],"predecessor-version":[{"id":844,"href":"https:\/\/didierleprof.com\/index.php?rest_route=\/wp\/v2\/pages\/500\/revisions\/844"}],"wp:attachment":[{"href":"https:\/\/didierleprof.com\/index.php?rest_route=%2Fwp%2Fv2%2Fmedia&parent=500"}],"curies":[{"name":"wp","href":"https:\/\/api.w.org\/{rel}","templated":true}]}}