{"id":253,"date":"2021-11-05T16:36:36","date_gmt":"2021-11-05T15:36:36","guid":{"rendered":"https:\/\/didierleprof.com\/?page_id=253"},"modified":"2022-03-04T19:12:28","modified_gmt":"2022-03-04T18:12:28","slug":"cest-quoi-cette-plate-forme-%cf%86","status":"publish","type":"page","link":"https:\/\/didierleprof.com\/","title":{"rendered":"C&#8217;est quoi cette plate-forme \u03c6 ?"},"content":{"rendered":"\n<blockquote class=\"wp-block-quote is-style-large is-layout-flow wp-block-quote-is-layout-flow\"><p>Sur cette plate-forme vous pourrez participer ou suivre les activit\u00e9s philosophiques propos\u00e9es, de loin, sur Internet ou les yeux dans les yeux.<\/p><\/blockquote>\n\n\n\n<hr class=\"wp-block-separator has-text-color has-background has-vivid-red-background-color has-vivid-red-color is-style-wide\"\/>\n\n\n\n<hr class=\"wp-block-separator has-text-color has-background has-vivid-red-background-color has-vivid-red-color is-style-wide\"\/>\n\n\n\n<p><\/p>\n\n\n\n<hr class=\"wp-block-separator has-text-color has-background has-vivid-red-background-color has-vivid-red-color is-style-wide\"\/>\n\n\n\n<div class=\"wp-block-columns is-layout-flex wp-container-core-columns-is-layout-9d6595d7 wp-block-columns-is-layout-flex\">\n<div class=\"wp-block-column is-layout-flow wp-block-column-is-layout-flow\" style=\"flex-basis:100%\">\n<h1 class=\"has-black-background-color has-background wp-block-heading\"><mark style=\"background-color:rgba(0, 0, 0, 0)\" class=\"has-inline-color has-white-color\">Les derni\u00e8res publications<\/mark><\/h1>\n\n\n\n<p><\/p>\n<\/div>\n<\/div>\n\n\n\n<div class=\"wp-block-query has-black-color has-text-color has-background is-layout-flow wp-block-query-is-layout-flow\" style=\"background-color:#e2e7eb\"><ul class=\"is-flex-container columns-3 wp-block-post-template is-layout-flow wp-block-post-template-is-layout-flow\"><li class=\"wp-block-post post-857 post type-post status-publish format-standard hentry category-actualite-critique tag-emploi tag-loisirs tag-philosophie tag-retraites tag-travail\">\n\n<div class=\"wp-block-group\" style=\"padding-top:30px;padding-right:30px;padding-bottom:30px;padding-left:30px\"><div class=\"wp-block-group__inner-container is-layout-flow wp-block-group-is-layout-flow\"><h2 class=\"wp-block-post-title\"><a href=\"https:\/\/didierleprof.com\/?p=857\" target=\"_self\" >La question des retraites n&#8217;est-elle pas celle du travail ?<\/a><\/h2>\n\n<div class=\"wp-block-post-excerpt\"><p class=\"wp-block-post-excerpt__excerpt\">On dit tout et son contraire sur les retraites. Mais on dit, aussi, tout et son contraire sur le travail. La r\u00e9forme qui s&#8217;annonce est l&#8217;occasion de r\u00e9fl\u00e9chir sur la [&hellip;] <\/p><\/div>\n\n<div class=\"wp-block-post-date\"><time datetime=\"2023-01-31T17:52:52+01:00\">31 January 2023<\/time><\/div><\/div><\/div>\n\n<\/li><li class=\"wp-block-post post-845 post type-post status-publish format-standard hentry category-actualite-critique tag-dialogue tag-didierleprof tag-folie tag-philosophie\">\n\n<div class=\"wp-block-group\" style=\"padding-top:30px;padding-right:30px;padding-bottom:30px;padding-left:30px\"><div class=\"wp-block-group__inner-container is-layout-flow wp-block-group-is-layout-flow\"><h2 class=\"wp-block-post-title\"><a href=\"https:\/\/didierleprof.com\/?p=845\" target=\"_self\" >Extraire la folie de l&#8217;autre ?<\/a><\/h2>\n\n<div class=\"wp-block-post-excerpt\"><p class=\"wp-block-post-excerpt__excerpt\">Nos soci\u00e9t\u00e9s se psychologisent de plus en plus. Partout, il s&#8217;agit de transf\u00e9rer ce qui devrait \u00eatre du ressort de l&#8217;action collective, politique, sociale, morale, vers un rapport \u00e0 soi-m\u00eame, [&hellip;] <\/p><\/div>\n\n<div class=\"wp-block-post-date\"><time datetime=\"2022-03-30T11:30:09+02:00\">30 March 2022<\/time><\/div><\/div><\/div>\n\n<\/li><li class=\"wp-block-post post-827 post type-post status-publish format-standard hentry category-question-de-la-semaine tag-conscience tag-duree tag-entropie tag-liberte tag-temps tag-utilitarisme\">\n\n<div class=\"wp-block-group\" style=\"padding-top:30px;padding-right:30px;padding-bottom:30px;padding-left:30px\"><div class=\"wp-block-group__inner-container is-layout-flow wp-block-group-is-layout-flow\"><h2 class=\"wp-block-post-title\"><a href=\"https:\/\/didierleprof.com\/?p=827\" target=\"_self\" >Peut-on \u00e9chapper au temps ?<\/a><\/h2>\n\n<div class=\"wp-block-post-excerpt\"><p class=\"wp-block-post-excerpt__excerpt\">Lors du #LivePhilo du 06 mars 2022, #Didierleprof s\u2019est livr\u00e9 \u00e0 l\u2019analyse de la question de la semaine : Peut-on \u00e9chapper au temps ? <\/p><\/div>\n\n<div class=\"wp-block-post-date\"><time datetime=\"2022-03-27T18:12:50+02:00\">27 March 2022<\/time><\/div><\/div><\/div>\n\n<\/li><li class=\"wp-block-post post-825 post type-post status-publish format-standard hentry category-question-de-la-semaine tag-livephilo tag-tout-dire tag-art tag-langage tag-liberte-dexpression tag-liberte-de-penser\">\n\n<div class=\"wp-block-group\" style=\"padding-top:30px;padding-right:30px;padding-bottom:30px;padding-left:30px\"><div class=\"wp-block-group__inner-container is-layout-flow wp-block-group-is-layout-flow\"><h2 class=\"wp-block-post-title\"><a href=\"https:\/\/didierleprof.com\/?p=825\" target=\"_self\" >Peut-on tout dire ?<\/a><\/h2>\n\n<div class=\"wp-block-post-excerpt\"><p class=\"wp-block-post-excerpt__excerpt\">Lors du #LivePhilo du 06 mars 2022, #Didierleprof s\u2019est livr\u00e9 \u00e0 l\u2019analyse de la question de la semaine : Peut-on tout dire ? <\/p><\/div>\n\n<div class=\"wp-block-post-date\"><time datetime=\"2022-03-27T16:22:18+02:00\">27 March 2022<\/time><\/div><\/div><\/div>\n\n<\/li><li class=\"wp-block-post post-809 post type-post status-publish format-standard hentry category-le-symbole\">\n\n<div class=\"wp-block-group\" style=\"padding-top:30px;padding-right:30px;padding-bottom:30px;padding-left:30px\"><div class=\"wp-block-group__inner-container is-layout-flow wp-block-group-is-layout-flow\"><h2 class=\"wp-block-post-title\"><a href=\"https:\/\/didierleprof.com\/?p=809\" target=\"_self\" >Le Symbole 2 \/ f\u00e9vrier 2022<\/a><\/h2>\n\n<div class=\"wp-block-post-excerpt\"><p class=\"wp-block-post-excerpt__excerpt\"> <\/p><\/div>\n\n<div class=\"wp-block-post-date\"><time datetime=\"2022-03-04T18:44:08+01:00\">4 March 2022<\/time><\/div><\/div><\/div>\n\n<\/li><li class=\"wp-block-post post-801 post type-post status-publish format-standard hentry category-actualite-critique tag-dignite tag-guerre tag-humanite tag-paix\">\n\n<div class=\"wp-block-group\" style=\"padding-top:30px;padding-right:30px;padding-bottom:30px;padding-left:30px\"><div class=\"wp-block-group__inner-container is-layout-flow wp-block-group-is-layout-flow\"><h2 class=\"wp-block-post-title\"><a href=\"https:\/\/didierleprof.com\/?p=801\" target=\"_self\" >Peut-on penser la guerre ?<\/a><\/h2>\n\n<div class=\"wp-block-post-excerpt\"><p class=\"wp-block-post-excerpt__excerpt\">Dire des banalit\u00e9s sur la guerre est assez facile.\u00a0Mais y penser vraiment, est-ce possible\u00a0?\u00a0Il est de bon ton de l&#8217;opposer \u00e0 la paix et de consid\u00e9rer que si la guerre est la pire des choses, la paix serait la meilleure. Ainsi donc, il faudrait vouloir la paix \u00e0 tout prix. Mais peut-on vouloir la paix&hellip; <\/p><\/div>\n\n<div class=\"wp-block-post-date\"><time datetime=\"2022-03-01T15:10:49+01:00\">1 March 2022<\/time><\/div><\/div><\/div>\n\n<\/li><li class=\"wp-block-post post-794 post type-post status-publish format-standard hentry category-question-de-la-semaine tag-didierleprof tag-livephilo-2 tag-nature tag-philosophie tag-respecter-la-nature\">\n\n<div class=\"wp-block-group\" style=\"padding-top:30px;padding-right:30px;padding-bottom:30px;padding-left:30px\"><div class=\"wp-block-group__inner-container is-layout-flow wp-block-group-is-layout-flow\"><h2 class=\"wp-block-post-title\"><a href=\"https:\/\/didierleprof.com\/?p=794\" target=\"_self\" >Faut-il respecter la nature ?<\/a><\/h2>\n\n<div class=\"wp-block-post-excerpt\"><p class=\"wp-block-post-excerpt__excerpt\">Vous avez rat\u00e9 le live ? Alors voil\u00e0 l&#8217;extrait sur la question de la semaine : Faut-il respecter la nature ? Pour ne plus rien rater, abonnez-vous au site ! <\/p><\/div>\n\n<div class=\"wp-block-post-date\"><time datetime=\"2022-02-08T19:13:53+01:00\">8 February 2022<\/time><\/div><\/div><\/div>\n\n<\/li><li class=\"wp-block-post post-792 post type-post status-publish format-standard hentry category-question-de-la-semaine tag-didierleprof tag-livephilo-2 tag-philosophie tag-utilitarisme tag-valeur\">\n\n<div class=\"wp-block-group\" style=\"padding-top:30px;padding-right:30px;padding-bottom:30px;padding-left:30px\"><div class=\"wp-block-group__inner-container is-layout-flow wp-block-group-is-layout-flow\"><h2 class=\"wp-block-post-title\"><a href=\"https:\/\/didierleprof.com\/?p=792\" target=\"_self\" >Ce qui est inutile est-il pour autant sans valeur ?<\/a><\/h2>\n\n<div class=\"wp-block-post-excerpt\"><p class=\"wp-block-post-excerpt__excerpt\">Vous avez rat\u00e9 le live ? Alors voil\u00e0 l&#8217;extrait sur la question de la semaine : Ce qui est inutile est-il pour autant sans valeur ? Pour ne plus rien rater, abonnez-vous au site ! <\/p><\/div>\n\n<div class=\"wp-block-post-date\"><time datetime=\"2022-02-08T19:01:17+01:00\">8 February 2022<\/time><\/div><\/div><\/div>\n\n<\/li><li class=\"wp-block-post post-778 post type-post status-publish format-standard hentry category-le-symbole tag-didierleprof tag-lesymbole tag-philosophie\">\n\n<div class=\"wp-block-group\" style=\"padding-top:30px;padding-right:30px;padding-bottom:30px;padding-left:30px\"><div class=\"wp-block-group__inner-container is-layout-flow wp-block-group-is-layout-flow\"><h2 class=\"wp-block-post-title\"><a href=\"https:\/\/didierleprof.com\/?p=778\" target=\"_self\" >Le Symbole 1 \/ janvier 2022<\/a><\/h2>\n\n<div class=\"wp-block-post-excerpt\"><p class=\"wp-block-post-excerpt__excerpt\"> <\/p><\/div>\n\n<div class=\"wp-block-post-date\"><time datetime=\"2022-01-28T11:08:32+01:00\">28 January 2022<\/time><\/div><\/div><\/div>\n\n<\/li><li class=\"wp-block-post post-751 post type-post status-publish format-standard hentry category-question-de-la-semaine tag-devoirs tag-didierleprof tag-droits tag-livephilo-2 tag-philosophie\">\n\n<div class=\"wp-block-group\" style=\"padding-top:30px;padding-right:30px;padding-bottom:30px;padding-left:30px\"><div class=\"wp-block-group__inner-container is-layout-flow wp-block-group-is-layout-flow\"><h2 class=\"wp-block-post-title\"><a href=\"https:\/\/didierleprof.com\/?p=751\" target=\"_self\" >En r\u00e9publique, les devoirs valent-ils avant les droits ?<\/a><\/h2>\n\n<div class=\"wp-block-post-excerpt\"><p class=\"wp-block-post-excerpt__excerpt\">Lors du #LivePhilo du 23 d\u00e9cembre 2021, #Didierleprof s\u2019est livr\u00e9 \u00e0 l\u2019analyse de la question de la semaine En r\u00e9publique, les devoirs valent-ils avant les droits ? Reprise du live [&hellip;] <\/p><\/div>\n\n<div class=\"wp-block-post-date\"><time datetime=\"2022-01-13T10:53:03+01:00\">13 January 2022<\/time><\/div><\/div><\/div>\n\n<\/li><li class=\"wp-block-post post-746 post type-post status-publish format-standard hentry category-question-de-la-semaine tag-didierleprof tag-illusions tag-livephilo-2 tag-philosophie\">\n\n<div class=\"wp-block-group\" style=\"padding-top:30px;padding-right:30px;padding-bottom:30px;padding-left:30px\"><div class=\"wp-block-group__inner-container is-layout-flow wp-block-group-is-layout-flow\"><h2 class=\"wp-block-post-title\"><a href=\"https:\/\/didierleprof.com\/?p=746\" target=\"_self\" >Faut-il perdre ses illusions ?<\/a><\/h2>\n\n<div class=\"wp-block-post-excerpt\"><p class=\"wp-block-post-excerpt__excerpt\">Lors du #LivePhilo du 23 d\u00e9cembre 2021, #Didierleprof s\u2019est livr\u00e9 \u00e0 l\u2019analyse de la question de la semaine Faut-il perdre ses illusions ? Reprise du live du 09 janvier 2022 [&hellip;] <\/p><\/div>\n\n<div class=\"wp-block-post-date\"><time datetime=\"2022-01-13T10:47:18+01:00\">13 January 2022<\/time><\/div><\/div><\/div>\n\n<\/li><li class=\"wp-block-post post-740 post type-post status-publish format-standard hentry category-question-de-la-semaine tag-avenir tag-avoir-raison tag-didierleprof tag-liberte-de-penser tag-livephilo-2\">\n\n<div class=\"wp-block-group\" style=\"padding-top:30px;padding-right:30px;padding-bottom:30px;padding-left:30px\"><div class=\"wp-block-group__inner-container is-layout-flow wp-block-group-is-layout-flow\"><h2 class=\"wp-block-post-title\"><a href=\"https:\/\/didierleprof.com\/?p=740\" target=\"_self\" >3 questions en 1 live<\/a><\/h2>\n\n<div class=\"wp-block-post-excerpt\"><p class=\"wp-block-post-excerpt__excerpt\">Lors du #LivePhilo du 23 d\u00e9cembre 2021, #Didierleprof s&#8217;est livr\u00e9 \u00e0 l&#8217;analyse des 3 questions de la semaine pr\u00e9c\u00e9dentes : <\/p><\/div>\n\n<div class=\"wp-block-post-date\"><time datetime=\"2021-12-29T17:12:32+01:00\">29 December 2021<\/time><\/div><\/div><\/div>\n\n<\/li><li class=\"wp-block-post post-512 post type-post status-publish format-standard hentry category-non-classe\">\n\n<div class=\"wp-block-group\" style=\"padding-top:30px;padding-right:30px;padding-bottom:30px;padding-left:30px\"><div class=\"wp-block-group__inner-container is-layout-flow wp-block-group-is-layout-flow\"><h2 class=\"wp-block-post-title\"><a href=\"https:\/\/didierleprof.com\/?p=512\" target=\"_self\" >Mentions l\u00e9gales et Charte des activit\u00e9s \/  Mentions l\u00e9gales<\/a><\/h2>\n\n<div class=\"wp-block-post-excerpt\"><p class=\"wp-block-post-excerpt__excerpt\">Mentions l\u00e9gales et Charte des activit\u00e9s <\/p><\/div>\n\n<div class=\"wp-block-post-date\"><time datetime=\"2021-11-30T14:19:35+01:00\">30 November 2021<\/time><\/div><\/div><\/div>\n\n<\/li><li class=\"wp-block-post post-498 post type-post status-publish format-standard hentry category-question-de-la-semaine tag-humanite tag-oubli tag-pardon\">\n\n<div class=\"wp-block-group\" style=\"padding-top:30px;padding-right:30px;padding-bottom:30px;padding-left:30px\"><div class=\"wp-block-group__inner-container is-layout-flow wp-block-group-is-layout-flow\"><h2 class=\"wp-block-post-title\"><a href=\"https:\/\/didierleprof.com\/?p=498\" target=\"_self\" >Peut-on tout pardonner ?<\/a><\/h2>\n\n<div class=\"wp-block-post-excerpt\"><p class=\"wp-block-post-excerpt__excerpt\">Citation : &#8220;Sans le pardon, nous resterions prisonniers de nos actes et de leurs cons\u00e9quences&#8221; Hannah Arendt Condition de l&#8217;homme moderne (1961) <\/p><\/div>\n\n<div class=\"wp-block-post-date\"><time datetime=\"2021-11-30T10:40:24+01:00\">30 November 2021<\/time><\/div><\/div><\/div>\n\n<\/li><li class=\"wp-block-post post-408 post type-post status-publish format-standard hentry category-actualite-critique tag-blanquer tag-iel tag-intime tag-langage tag-philosophie tag-prive tag-public\">\n\n<div class=\"wp-block-group\" style=\"padding-top:30px;padding-right:30px;padding-bottom:30px;padding-left:30px\"><div class=\"wp-block-group__inner-container is-layout-flow wp-block-group-is-layout-flow\"><h2 class=\"wp-block-post-title\"><a href=\"https:\/\/didierleprof.com\/?p=408\" target=\"_self\" >Et si iels avaient tou-te-s tort ?<\/a><\/h2>\n\n<div class=\"wp-block-post-excerpt\"><p class=\"wp-block-post-excerpt__excerpt\">Si l&#8217;inutile n&#8217;est pas pour autant sans valeur, il est cependant souvent utilis\u00e9 pour cacher les questions essentielles. C&#8217;est le cas avec la pol\u00e9mique st\u00e9rile autour de l&#8217;entr\u00e9e du pronom \u00ab iel \u00bb dans le Robert. <\/p><\/div>\n\n<div class=\"wp-block-post-date\"><time datetime=\"2021-11-21T10:19:54+01:00\">21 November 2021<\/time><\/div><\/div><\/div>\n\n<\/li><\/ul><\/div>\n","protected":false},"excerpt":{"rendered":"<p>Sur cette plate-forme vous pourrez participer ou suivre les activit\u00e9s philosophiques propos\u00e9es, de loin, sur Internet ou les yeux dans les yeux. Les derni\u00e8res publications<\/p>\n","protected":false},"author":1,"featured_media":0,"parent":0,"menu_order":0,"comment_status":"closed","ping_status":"closed","template":"","meta":{"om_disable_all_campaigns":false,"_monsterinsights_skip_tracking":false,"_monsterinsights_sitenote_active":false,"_monsterinsights_sitenote_note":"","_monsterinsights_sitenote_category":0,"footnotes":""},"class_list":["post-253","page","type-page","status-publish","hentry"],"aioseo_notices":[],"jetpack_sharing_enabled":true,"jetpack_likes_enabled":true,"jetpack_shortlink":"https:\/\/wp.me\/PdsdKK-45","_links":{"self":[{"href":"https:\/\/didierleprof.com\/index.php?rest_route=\/wp\/v2\/pages\/253","targetHints":{"allow":["GET"]}}],"collection":[{"href":"https:\/\/didierleprof.com\/index.php?rest_route=\/wp\/v2\/pages"}],"about":[{"href":"https:\/\/didierleprof.com\/index.php?rest_route=\/wp\/v2\/types\/page"}],"author":[{"embeddable":true,"href":"https:\/\/didierleprof.com\/index.php?rest_route=\/wp\/v2\/users\/1"}],"replies":[{"embeddable":true,"href":"https:\/\/didierleprof.com\/index.php?rest_route=%2Fwp%2Fv2%2Fcomments&post=253"}],"version-history":[{"count":41,"href":"https:\/\/didierleprof.com\/index.php?rest_route=\/wp\/v2\/pages\/253\/revisions"}],"predecessor-version":[{"id":824,"href":"https:\/\/didierleprof.com\/index.php?rest_route=\/wp\/v2\/pages\/253\/revisions\/824"}],"wp:attachment":[{"href":"https:\/\/didierleprof.com\/index.php?rest_route=%2Fwp%2Fv2%2Fmedia&parent=253"}],"curies":[{"name":"wp","href":"https:\/\/api.w.org\/{rel}","templated":true}]}}