{"id":2,"date":"2021-10-14T20:51:08","date_gmt":"2021-10-14T18:51:08","guid":{"rendered":"http:\/\/didierleprof.com\/?page_id=2"},"modified":"2021-12-22T22:20:11","modified_gmt":"2021-12-22T21:20:11","slug":"page-d-exemple","status":"publish","type":"page","link":"https:\/\/didierleprof.com\/?page_id=2","title":{"rendered":"A propos"},"content":{"rendered":"\n<blockquote class=\"wp-block-quote is-layout-flow wp-block-quote-is-layout-flow\"><p><strong>Voici un entretien qui essaie de pr\u00e9senter Didier le Prof sans filtres. En dessous de cette vid\u00e9o vous trouverez un r\u00e9sum\u00e9 \u00e9crit de l&#8217;entretien.<\/strong><\/p><\/blockquote>\n\n\n\n<figure class=\"wp-block-embed is-type-video is-provider-youtube wp-block-embed-youtube wp-embed-aspect-16-9 wp-has-aspect-ratio\"><div class=\"wp-block-embed__wrapper\">\n<div class=\"jetpack-video-wrapper\"><iframe loading=\"lazy\" title=\"A propos\" width=\"1170\" height=\"658\" src=\"https:\/\/www.youtube.com\/embed\/Z1VMpWX1ABQ?feature=oembed\" frameborder=\"0\" allow=\"accelerometer; autoplay; clipboard-write; encrypted-media; gyroscope; picture-in-picture\" allowfullscreen><\/iframe><\/div>\n<\/div><\/figure>\n\n\n\n<h1 class=\"wp-block-heading\"><strong>A propos (r\u00e9sum\u00e9 de l\u2019interview)<\/strong><\/h1>\n\n\n\n<p>Didier Th\u00e9venieau est devenu professeur de philosophie il y a 30 ans.&nbsp;<\/p>\n\n\n\n<p>Issu d&#8217;une famille d&#8217;ouvriers et d&#8217;agriculteurs, c&#8217;est apr\u00e8s un bac comptabilit\u00e9 qu&#8217;il d\u00e9cide de faire des \u00e9tudes de philosophie.<\/p>\n\n\n\n<p>Apr\u00e8s avoir fait plusieurs m\u00e9tiers pour gagner son ind\u00e9pendance, il devient professeur de philosophie, presque par hasard et le restera jusqu&#8217;\u00e0 aujourd&#8217;hui.<\/p>\n\n\n\n<h2 class=\"wp-block-heading\"><strong>L\u2019exp\u00e9rience de prof<\/strong><\/h2>\n\n\n\n<p>Sa premi\u00e8re exp\u00e9rience dans une classe lui a fait sentir que c&#8217;\u00e9tait l\u00e0 qu&#8217;il devait \u00eatre.<\/p>\n\n\n\n<p>En effet, la philosophie se pr\u00e9sente \u00e0 lui comme une discipline essentielle dans la construction de son humanit\u00e9 et de la soci\u00e9t\u00e9. Il consid\u00e8re que la libert\u00e9 commence d&#8217;abord par la pens\u00e9e et qu&#8217;agir librement n\u00e9cessite une int\u00e9riorit\u00e9 singuli\u00e8re.<\/p>\n\n\n\n<p>Ainsi, l&#8217;Ecole devrait \u00eatre le lieu de l&#8217;\u00e9mancipation et l&#8217;enseignement de la philosophie \u00e0 la fin du cycle de lyc\u00e9e devrait en \u00eatre l&#8217;aboutissement n\u00e9cessaire. Mais il constate que ce n\u2019est plus le cas et que devenir comp\u00e9titif et d\u00e9velopper des comp\u00e9tences sp\u00e9cifiques devient plus important que de cr\u00e9er de l\u2019humanit\u00e9 et de la citoyennet\u00e9.<\/p>\n\n\n\n<h2 class=\"wp-block-heading\"><strong>La philosophie pour tou-te-s<\/strong><\/h2>\n\n\n\n<p>Remettre en cause ses certitudes, questionner les \u00e9vidences, sortir de l&#8217;opinion, poser la question du sens de notre existence, ne pas accepter comme normal ce que nous impose le monde, provoquer la r\u00e9volte int\u00e9rieure, corrompre la bien-pensance, voil\u00e0 l&#8217;essence m\u00eame de la philosophie pour Didierleprof.<\/p>\n\n\n\n<p>Si la philosophie savante a un int\u00e9r\u00eat certain, celle qui sera privil\u00e9gi\u00e9e sur cette plateforme sera la philosophie accessible \u00e0 tou-te-s, la philosophie du quotidien.<\/p>\n\n\n\n<p>Philosopher, c&#8217;est toujours prendre un risque, \u00e9prouver sa pens\u00e9e, son existence m\u00eame.<\/p>\n\n\n\n<p>C&#8217;est cette volont\u00e9 de d\u00e9figer le monde, face \u00e0 nos d\u00e9sirs de croire ce qui nous pla\u00eet plut\u00f4t que ce qui est, qui motive Didier le prof \u00e0 utiliser son exp\u00e9rience professionnelle pour la mettre au service d&#8217;un public plus large.<\/p>\n\n\n\n<h2 class=\"wp-block-heading\"><strong>Faire fleurir nos col\u00e8res&nbsp;<\/strong><\/h2>\n\n\n\n<p>La col\u00e8re est de plus en plus pr\u00e9sente en chacun de nous&nbsp;? Faut-il l&#8217;\u00e9touffer, en accepter sa r\u00e9pression jusqu&#8217;\u00e0 ce qu&#8217;elle nous d\u00e9borde et devienne haine&nbsp;? Ou alors faut-il plut\u00f4t chercher \u00e0 l&#8217;exprimer pour la transformer en force&nbsp;? Mais comment&nbsp;?<\/p>\n\n\n\n<p>Les philosophes Grecs nous apprennent que seul le dialogue peut \u00e9viter la violence. Didier le prof veut donc rouvrir des espaces de dialogue pour faire fleurir nos col\u00e8res.<\/p>\n\n\n\n<p>Et si c&#8217;\u00e9tait \u00e7a \u00eatre humain&nbsp;? Faire fleurir nos col\u00e8res \u00e0 travers le dialogue&nbsp;?<\/p>\n\n\n\n<p>\u00ab&nbsp;<em>Sapere aude&nbsp;<\/em>\u00bb &#8211; \u00ab&nbsp;<em>Aie le courage de penser par toi-m\u00eame&nbsp;<\/em>\u00bb<\/p>\n\n\n\n<p>( Qu&#8217;est-ce que les Lumi\u00e8res ? \/ 1784 \/&nbsp; Emmanuel Kant )<\/p>\n\n\n\n<p><\/p>\n","protected":false},"excerpt":{"rendered":"<p>Voici un entretien qui essaie de pr\u00e9senter Didier le Prof sans filtres. En dessous de cette vid\u00e9o vous trouverez un r\u00e9sum\u00e9 \u00e9crit de l&#8217;entretien. A propos (r\u00e9sum\u00e9 de l\u2019interview) Didier [&hellip;]<\/p>\n","protected":false},"author":1,"featured_media":23,"parent":0,"menu_order":0,"comment_status":"closed","ping_status":"open","template":"","meta":{"om_disable_all_campaigns":false,"_monsterinsights_skip_tracking":false,"_monsterinsights_sitenote_active":false,"_monsterinsights_sitenote_note":"","_monsterinsights_sitenote_category":0,"footnotes":""},"class_list":["post-2","page","type-page","status-publish","has-post-thumbnail","hentry"],"aioseo_notices":[],"jetpack_sharing_enabled":true,"jetpack_likes_enabled":true,"jetpack_shortlink":"https:\/\/wp.me\/PdsdKK-2","_links":{"self":[{"href":"https:\/\/didierleprof.com\/index.php?rest_route=\/wp\/v2\/pages\/2","targetHints":{"allow":["GET"]}}],"collection":[{"href":"https:\/\/didierleprof.com\/index.php?rest_route=\/wp\/v2\/pages"}],"about":[{"href":"https:\/\/didierleprof.com\/index.php?rest_route=\/wp\/v2\/types\/page"}],"author":[{"embeddable":true,"href":"https:\/\/didierleprof.com\/index.php?rest_route=\/wp\/v2\/users\/1"}],"replies":[{"embeddable":true,"href":"https:\/\/didierleprof.com\/index.php?rest_route=%2Fwp%2Fv2%2Fcomments&post=2"}],"version-history":[{"count":7,"href":"https:\/\/didierleprof.com\/index.php?rest_route=\/wp\/v2\/pages\/2\/revisions"}],"predecessor-version":[{"id":709,"href":"https:\/\/didierleprof.com\/index.php?rest_route=\/wp\/v2\/pages\/2\/revisions\/709"}],"wp:featuredmedia":[{"embeddable":true,"href":"https:\/\/didierleprof.com\/index.php?rest_route=\/wp\/v2\/media\/23"}],"wp:attachment":[{"href":"https:\/\/didierleprof.com\/index.php?rest_route=%2Fwp%2Fv2%2Fmedia&parent=2"}],"curies":[{"name":"wp","href":"https:\/\/api.w.org\/{rel}","templated":true}]}}